{"id":96,"date":"2026-07-30T07:24:56","date_gmt":"2026-07-30T07:24:56","guid":{"rendered":"https:\/\/revistafankpop.com\/?page_id=96"},"modified":"2026-08-12T01:58:40","modified_gmt":"2026-08-12T01:58:40","slug":"k-pop","status":"publish","type":"page","link":"https:\/\/revistafankpop.com\/?page_id=96","title":{"rendered":"K-POP"},"content":{"rendered":"\n<div class=\"wp-block-query has-global-padding is-layout-constrained wp-block-query-is-layout-constrained\">\n\n\n<div class=\"wp-block-group is-layout-flow wp-block-group-is-layout-flow\" style=\"margin-top:0;margin-bottom:0;padding-top:var(--wp--preset--spacing--50);padding-right:0;padding-bottom:var(--wp--preset--spacing--50);padding-left:0\"><ul class=\"alignfull wp-block-post-template is-layout-flow wp-container-core-post-template-is-layout-4a020258 wp-block-post-template-is-layout-flow\"><li class=\"wp-block-post post-395 post type-post status-publish format-standard has-post-thumbnail hentry category-corea category-k-pop\">\n<figure style=\"margin-bottom:var(--wp--preset--spacing--20)\" class=\"wp-custom-css-1f0471b9 wp-block-post-featured-image has-custom-css\"><a href=\"https:\/\/revistafankpop.com\/?p=395\" target=\"_self\" ><img loading=\"lazy\" decoding=\"async\" width=\"900\" height=\"600\" src=\"https:\/\/revistafankpop.com\/wp-content\/uploads\/2026\/08\/featured_img_2342179477393403806.jpg\" class=\"attachment-post-thumbnail size-post-thumbnail wp-post-image\" alt=\"Chaeryeong confirma su debut en solitario para noviembre\" style=\"aspect-ratio:3\/2;width:100%;object-fit:cover;\" srcset=\"https:\/\/revistafankpop.com\/wp-content\/uploads\/2026\/08\/featured_img_2342179477393403806.jpg 900w, https:\/\/revistafankpop.com\/wp-content\/uploads\/2026\/08\/featured_img_2342179477393403806-300x200.jpg 300w, https:\/\/revistafankpop.com\/wp-content\/uploads\/2026\/08\/featured_img_2342179477393403806-768x512.jpg 768w\" sizes=\"auto, (max-width: 900px) 100vw, 900px\" \/><\/a><\/figure>\n\n\n<div class=\"wp-block-group is-vertical is-nowrap is-layout-flex wp-container-core-group-is-layout-6907f419 wp-block-group-is-layout-flex\"><h2 style=\"margin-bottom:0\" class=\"has-text-align-center wp-block-post-title has-x-large-font-size\"><a href=\"https:\/\/revistafankpop.com\/?p=395\" target=\"_self\" >Chaeryeong confirma su debut en solitario para noviembre<\/a><\/h2>\n\n<div class=\"; wp-custom-css-f8ad9c6f wp-block-template-part has-custom-css\">\n<div class=\"wp-block-group has-base-2-background-color has-background has-global-padding is-layout-constrained wp-block-group-is-layout-constrained\">\n<div class=\"wp-block-group has-base-2-background-color has-background is-content-justification-left is-layout-flex wp-container-core-group-is-layout-6a058180 wp-block-group-is-layout-flex\"><div class=\"wp-block-post-date\"><a href=\"https:\/\/revistafankpop.com\/?p=395\"><time datetime=\"2026-08-27T23:29:15+00:00\">Ago 27, 2026<\/time><\/a><\/div>\n\n\n<p class=\"has-contrast-2-color has-text-color wp-block-paragraph\">\u2014<\/p>\n\n\n\n<p class=\"has-contrast-2-color has-text-color has-small-font-size wp-block-paragraph\">por<\/p>\n\n\n<div class=\"wp-block-post-author-name\"><a href=\"https:\/\/revistafankpop.com\/author\/victor-alvarado\" target=\"_self\" class=\"wp-block-post-author-name__link\">Victor Alvarado<\/a><\/div><\/div>\n<\/div>\n<\/div>\n\n<div class=\"wp-block-post-excerpt has-small-font-size\"><p class=\"wp-block-post-excerpt__excerpt\">Despu\u00e9s de casi ocho a\u00f1os desde su debut con ITZY, Chaeryeong finalmente dar\u00e1 el siguiente paso en su carrera y debutar\u00e1 como solista en noviembre de 2026. JYP Entertainment confirm\u00f3 la noticia este 27 de agosto, luego de un reporte de JTBC Entertainment News. La agencia se\u00f1al\u00f3 que Chaeryeong se encuentra preparando un \u00e1lbum con&hellip;<\/p><p class=\"wp-block-post-excerpt__more-text\"><a class=\"wp-block-post-excerpt__more-link\" href=\"https:\/\/revistafankpop.com\/?p=395\"><strong><mark style=\"background-color:#f9f9f9\" class=\"has-inline-color has-custom-color-2-color\">Leer Mas \u2192<\/mark><\/strong><\/a><\/p><\/div>\n\n\n<div style=\"height:0px\" aria-hidden=\"true\" class=\"wp-block-spacer wp-container-content-32e3a40d\"><\/div>\n<\/div>\n\n<\/li><li class=\"wp-block-post post-387 post type-post status-publish format-standard has-post-thumbnail hentry category-conciertos category-corea category-k-pop\">\n<figure style=\"margin-bottom:var(--wp--preset--spacing--20)\" class=\"wp-custom-css-1f0471b9 wp-block-post-featured-image has-custom-css\"><a href=\"https:\/\/revistafankpop.com\/?p=387\" target=\"_self\" ><img loading=\"lazy\" decoding=\"async\" width=\"2560\" height=\"1561\" src=\"https:\/\/revistafankpop.com\/wp-content\/uploads\/2026\/08\/featured_img_6779715784576847630-scaled.png\" class=\"attachment-post-thumbnail size-post-thumbnail wp-post-image\" alt=\"TXT regresa a M\u00e9xico con su gira mundial &#8220;STEAL THE WIND&#8221;\" style=\"aspect-ratio:3\/2;width:100%;object-fit:cover;\" srcset=\"https:\/\/revistafankpop.com\/wp-content\/uploads\/2026\/08\/featured_img_6779715784576847630-scaled.png 2560w, https:\/\/revistafankpop.com\/wp-content\/uploads\/2026\/08\/featured_img_6779715784576847630-300x183.png 300w, https:\/\/revistafankpop.com\/wp-content\/uploads\/2026\/08\/featured_img_6779715784576847630-1024x624.png 1024w, https:\/\/revistafankpop.com\/wp-content\/uploads\/2026\/08\/featured_img_6779715784576847630-768x468.png 768w, https:\/\/revistafankpop.com\/wp-content\/uploads\/2026\/08\/featured_img_6779715784576847630-1536x937.png 1536w, https:\/\/revistafankpop.com\/wp-content\/uploads\/2026\/08\/featured_img_6779715784576847630-2048x1249.png 2048w\" sizes=\"auto, (max-width: 2560px) 100vw, 2560px\" \/><\/a><\/figure>\n\n\n<div class=\"wp-block-group is-vertical is-nowrap is-layout-flex wp-container-core-group-is-layout-6907f419 wp-block-group-is-layout-flex\"><h2 style=\"margin-bottom:0\" class=\"has-text-align-center wp-block-post-title has-x-large-font-size\"><a href=\"https:\/\/revistafankpop.com\/?p=387\" target=\"_self\" >TXT regresa a M\u00e9xico con su gira mundial &#8220;STEAL THE WIND&#8221;<\/a><\/h2>\n\n<div class=\"; wp-custom-css-f8ad9c6f wp-block-template-part has-custom-css\">\n<div class=\"wp-block-group has-base-2-background-color has-background has-global-padding is-layout-constrained wp-block-group-is-layout-constrained\">\n<div class=\"wp-block-group has-base-2-background-color has-background is-content-justification-left is-layout-flex wp-container-core-group-is-layout-6a058180 wp-block-group-is-layout-flex\"><div class=\"wp-block-post-date\"><a href=\"https:\/\/revistafankpop.com\/?p=387\"><time datetime=\"2026-08-26T23:20:32+00:00\">Ago 26, 2026<\/time><\/a><\/div>\n\n\n<p class=\"has-contrast-2-color has-text-color wp-block-paragraph\">\u2014<\/p>\n\n\n\n<p class=\"has-contrast-2-color has-text-color has-small-font-size wp-block-paragraph\">por<\/p>\n\n\n<div class=\"wp-block-post-author-name\"><a href=\"https:\/\/revistafankpop.com\/author\/victor-alvarado\" target=\"_self\" class=\"wp-block-post-author-name__link\">Victor Alvarado<\/a><\/div><\/div>\n<\/div>\n<\/div>\n\n<div class=\"wp-block-post-excerpt has-small-font-size\"><p class=\"wp-block-post-excerpt__excerpt\">BIGHIT MUSIC anunci\u00f3 oficialmente este 27 de agosto las primeras fechas de la nueva gira mundial de TOMORROW X TOGETHER, titulada &#8220;STEAL THE WIND&#8221;, en la que la Ciudad de M\u00e9xico aparece como una de las paradas confirmadas. El grupo integrado por Soobin, Yeonjun, Beomgyu, Taehyun y Hueningkai iniciar\u00e1 su recorrido con tres presentaciones consecutivas&hellip;<\/p><p class=\"wp-block-post-excerpt__more-text\"><a class=\"wp-block-post-excerpt__more-link\" href=\"https:\/\/revistafankpop.com\/?p=387\"><strong><mark style=\"background-color:#f9f9f9\" class=\"has-inline-color has-custom-color-2-color\">Leer Mas \u2192<\/mark><\/strong><\/a><\/p><\/div>\n\n\n<div style=\"height:0px\" aria-hidden=\"true\" class=\"wp-block-spacer wp-container-content-32e3a40d\"><\/div>\n<\/div>\n\n<\/li><li class=\"wp-block-post post-379 post type-post status-publish format-standard has-post-thumbnail hentry category-corea category-k-pop\">\n<figure style=\"margin-bottom:var(--wp--preset--spacing--20)\" class=\"wp-custom-css-1f0471b9 wp-block-post-featured-image has-custom-css\"><a href=\"https:\/\/revistafankpop.com\/?p=379\" target=\"_self\" ><img loading=\"lazy\" decoding=\"async\" width=\"960\" height=\"548\" src=\"https:\/\/revistafankpop.com\/wp-content\/uploads\/2026\/08\/12823885.jpg\" class=\"attachment-post-thumbnail size-post-thumbnail wp-post-image\" alt=\"Gunil niega haber dejado Xdinary Heroes por decisi\u00f3n propia\" style=\"aspect-ratio:3\/2;width:100%;object-fit:cover;\" srcset=\"https:\/\/revistafankpop.com\/wp-content\/uploads\/2026\/08\/12823885.jpg 960w, https:\/\/revistafankpop.com\/wp-content\/uploads\/2026\/08\/12823885-300x171.jpg 300w, https:\/\/revistafankpop.com\/wp-content\/uploads\/2026\/08\/12823885-768x438.jpg 768w\" sizes=\"auto, (max-width: 960px) 100vw, 960px\" \/><\/a><\/figure>\n\n\n<div class=\"wp-block-group is-vertical is-nowrap is-layout-flex wp-container-core-group-is-layout-6907f419 wp-block-group-is-layout-flex\"><h2 style=\"margin-bottom:0\" class=\"has-text-align-center wp-block-post-title has-x-large-font-size\"><a href=\"https:\/\/revistafankpop.com\/?p=379\" target=\"_self\" >Gunil niega haber dejado Xdinary Heroes por decisi\u00f3n propia<\/a><\/h2>\n\n<div class=\"; wp-custom-css-f8ad9c6f wp-block-template-part has-custom-css\">\n<div class=\"wp-block-group has-base-2-background-color has-background has-global-padding is-layout-constrained wp-block-group-is-layout-constrained\">\n<div class=\"wp-block-group has-base-2-background-color has-background is-content-justification-left is-layout-flex wp-container-core-group-is-layout-6a058180 wp-block-group-is-layout-flex\"><div class=\"wp-block-post-date\"><a href=\"https:\/\/revistafankpop.com\/?p=379\"><time datetime=\"2026-08-20T22:32:46+00:00\">Ago 20, 2026<\/time><\/a><\/div>\n\n\n<p class=\"has-contrast-2-color has-text-color wp-block-paragraph\">\u2014<\/p>\n\n\n\n<p class=\"has-contrast-2-color has-text-color has-small-font-size wp-block-paragraph\">por<\/p>\n\n\n<div class=\"wp-block-post-author-name\"><a href=\"https:\/\/revistafankpop.com\/author\/victor-alvarado\" target=\"_self\" class=\"wp-block-post-author-name__link\">Victor Alvarado<\/a><\/div><\/div>\n<\/div>\n<\/div>\n\n<div class=\"wp-block-post-excerpt has-small-font-size\"><p class=\"wp-block-post-excerpt__excerpt\">La salida de Gunil de Xdinary Heroes tom\u00f3 un nuevo rumbo este 20 de agosto. El exl\u00edder y baterista del grupo, a trav\u00e9s de su representante legal, neg\u00f3 haber decidido abandonar la agrupaci\u00f3n por voluntad propia y tambi\u00e9n rechaz\u00f3 haber aceptado la terminaci\u00f3n de su contrato con JYP Entertainment. La declaraci\u00f3n fue emitida por el&hellip;<\/p><p class=\"wp-block-post-excerpt__more-text\"><a class=\"wp-block-post-excerpt__more-link\" href=\"https:\/\/revistafankpop.com\/?p=379\"><strong><mark style=\"background-color:#f9f9f9\" class=\"has-inline-color has-custom-color-2-color\">Leer Mas \u2192<\/mark><\/strong><\/a><\/p><\/div>\n\n\n<div style=\"height:0px\" aria-hidden=\"true\" class=\"wp-block-spacer wp-container-content-32e3a40d\"><\/div>\n<\/div>\n\n<\/li><li class=\"wp-block-post post-346 post type-post status-publish format-standard has-post-thumbnail hentry category-conciertos category-corea category-k-pop\">\n<figure style=\"margin-bottom:var(--wp--preset--spacing--20)\" class=\"wp-custom-css-1f0471b9 wp-block-post-featured-image has-custom-css\"><a href=\"https:\/\/revistafankpop.com\/?p=346\" target=\"_self\" ><img loading=\"lazy\" decoding=\"async\" width=\"1200\" height=\"1600\" src=\"https:\/\/revistafankpop.com\/wp-content\/uploads\/2026\/08\/POSTER.webp\" class=\"attachment-post-thumbnail size-post-thumbnail wp-post-image\" alt=\"ATEEZ: LIGHT THE WAY IN CINEMAS, la distancia no es un obst\u00e1culo\" style=\"aspect-ratio:3\/2;width:100%;object-fit:cover;\" srcset=\"https:\/\/revistafankpop.com\/wp-content\/uploads\/2026\/08\/POSTER.webp 1200w, https:\/\/revistafankpop.com\/wp-content\/uploads\/2026\/08\/POSTER-225x300.webp 225w, https:\/\/revistafankpop.com\/wp-content\/uploads\/2026\/08\/POSTER-768x1024.webp 768w, https:\/\/revistafankpop.com\/wp-content\/uploads\/2026\/08\/POSTER-1152x1536.webp 1152w\" sizes=\"auto, (max-width: 1200px) 100vw, 1200px\" \/><\/a><\/figure>\n\n\n<div class=\"wp-block-group is-vertical is-nowrap is-layout-flex wp-container-core-group-is-layout-6907f419 wp-block-group-is-layout-flex\"><h2 style=\"margin-bottom:0\" class=\"has-text-align-center wp-block-post-title has-x-large-font-size\"><a href=\"https:\/\/revistafankpop.com\/?p=346\" target=\"_self\" >ATEEZ: LIGHT THE WAY IN CINEMAS, la distancia no es un obst\u00e1culo<\/a><\/h2>\n\n<div class=\"; wp-custom-css-f8ad9c6f wp-block-template-part has-custom-css\">\n<div class=\"wp-block-group has-base-2-background-color has-background has-global-padding is-layout-constrained wp-block-group-is-layout-constrained\">\n<div class=\"wp-block-group has-base-2-background-color has-background is-content-justification-left is-layout-flex wp-container-core-group-is-layout-6a058180 wp-block-group-is-layout-flex\"><div class=\"wp-block-post-date\"><a href=\"https:\/\/revistafankpop.com\/?p=346\"><time datetime=\"2026-08-14T05:29:08+00:00\">Ago 14, 2026<\/time><\/a><\/div>\n\n\n<p class=\"has-contrast-2-color has-text-color wp-block-paragraph\">\u2014<\/p>\n\n\n\n<p class=\"has-contrast-2-color has-text-color has-small-font-size wp-block-paragraph\">por<\/p>\n\n\n<div class=\"wp-block-post-author-name\"><a href=\"https:\/\/revistafankpop.com\/author\/yanin-ordaz\" target=\"_self\" class=\"wp-block-post-author-name__link\">Yanin Ordaz<\/a><\/div><\/div>\n<\/div>\n<\/div>\n\n<div class=\"wp-block-post-excerpt has-small-font-size\"><p class=\"wp-block-post-excerpt__excerpt\">El encuentro comenz\u00f3 antes de que la funci\u00f3n comenzara. En Cin\u00e9polis de Plaza Sat\u00e9lite, el ambiente era inicialmente tranquilo, pero poco a poco comenzaron a llegar ATINYs. Una, otra y otra m\u00e1s, hasta que el lobby se fue llenando de lightinys, accesorios, conversaciones sobre bias y peque\u00f1os freebies que viajaban de fan a fan. Yo&hellip;<\/p><p class=\"wp-block-post-excerpt__more-text\"><a class=\"wp-block-post-excerpt__more-link\" href=\"https:\/\/revistafankpop.com\/?p=346\"><strong><mark style=\"background-color:#f9f9f9\" class=\"has-inline-color has-custom-color-2-color\">Leer Mas \u2192<\/mark><\/strong><\/a><\/p><\/div>\n\n\n<div style=\"height:0px\" aria-hidden=\"true\" class=\"wp-block-spacer wp-container-content-32e3a40d\"><\/div>\n<\/div>\n\n<\/li><li class=\"wp-block-post post-313 post type-post status-publish format-standard has-post-thumbnail hentry category-corea category-k-pop category-titulares\">\n<figure style=\"margin-bottom:var(--wp--preset--spacing--20)\" class=\"wp-custom-css-1f0471b9 wp-block-post-featured-image has-custom-css\"><a href=\"https:\/\/revistafankpop.com\/?p=313\" target=\"_self\" ><img loading=\"lazy\" decoding=\"async\" width=\"2560\" height=\"1708\" src=\"https:\/\/revistafankpop.com\/wp-content\/uploads\/2026\/08\/featured_img_7011333658916324203-scaled.jpg\" class=\"attachment-post-thumbnail size-post-thumbnail wp-post-image\" alt=\"HYBE presenta a TUIDE, su nuevo grupo femenino global que debutar\u00e1 en agosto\" style=\"aspect-ratio:3\/2;width:100%;object-fit:cover;\" srcset=\"https:\/\/revistafankpop.com\/wp-content\/uploads\/2026\/08\/featured_img_7011333658916324203-scaled.jpg 2560w, https:\/\/revistafankpop.com\/wp-content\/uploads\/2026\/08\/featured_img_7011333658916324203-300x200.jpg 300w, https:\/\/revistafankpop.com\/wp-content\/uploads\/2026\/08\/featured_img_7011333658916324203-1024x683.jpg 1024w, https:\/\/revistafankpop.com\/wp-content\/uploads\/2026\/08\/featured_img_7011333658916324203-768x512.jpg 768w, https:\/\/revistafankpop.com\/wp-content\/uploads\/2026\/08\/featured_img_7011333658916324203-1536x1025.jpg 1536w, https:\/\/revistafankpop.com\/wp-content\/uploads\/2026\/08\/featured_img_7011333658916324203-2048x1366.jpg 2048w\" sizes=\"auto, (max-width: 2560px) 100vw, 2560px\" \/><\/a><\/figure>\n\n\n<div class=\"wp-block-group is-vertical is-nowrap is-layout-flex wp-container-core-group-is-layout-6907f419 wp-block-group-is-layout-flex\"><h2 style=\"margin-bottom:0\" class=\"has-text-align-center wp-block-post-title has-x-large-font-size\"><a href=\"https:\/\/revistafankpop.com\/?p=313\" target=\"_self\" >HYBE presenta a TUIDE, su nuevo grupo femenino global que debutar\u00e1 en agosto<\/a><\/h2>\n\n<div class=\"; wp-custom-css-f8ad9c6f wp-block-template-part has-custom-css\">\n<div class=\"wp-block-group has-base-2-background-color has-background has-global-padding is-layout-constrained wp-block-group-is-layout-constrained\">\n<div class=\"wp-block-group has-base-2-background-color has-background is-content-justification-left is-layout-flex wp-container-core-group-is-layout-6a058180 wp-block-group-is-layout-flex\"><div class=\"wp-block-post-date\"><a href=\"https:\/\/revistafankpop.com\/?p=313\"><time datetime=\"2026-08-12T06:29:42+00:00\">Ago 12, 2026<\/time><\/a><\/div>\n\n\n<p class=\"has-contrast-2-color has-text-color wp-block-paragraph\">\u2014<\/p>\n\n\n\n<p class=\"has-contrast-2-color has-text-color has-small-font-size wp-block-paragraph\">por<\/p>\n\n\n<div class=\"wp-block-post-author-name\"><a href=\"https:\/\/revistafankpop.com\/author\/revistafankpop\" target=\"_self\" class=\"wp-block-post-author-name__link\">revistafankpop<\/a><\/div><\/div>\n<\/div>\n<\/div>\n\n<div class=\"wp-block-post-excerpt has-small-font-size\"><p class=\"wp-block-post-excerpt__excerpt\">HYBE present\u00f3 oficialmente a TUIDE, el primer grupo femenino de su nuevo sello discogr\u00e1fico, ABD. Las siete integrantes har\u00e1n su debut el pr\u00f3ximo 24 de agosto con el EP TUNE &amp; PLAY. Como adelanto de lo que viene, TUIDE lanz\u00f3 el video conceptual \u201cMeet my GIRLS, TUIDE\u201d, que incluye \u201cGRLS\u201d, una canci\u00f3n previa al debut.&hellip;<\/p><p class=\"wp-block-post-excerpt__more-text\"><a class=\"wp-block-post-excerpt__more-link\" href=\"https:\/\/revistafankpop.com\/?p=313\"><strong><mark style=\"background-color:#f9f9f9\" class=\"has-inline-color has-custom-color-2-color\">Leer Mas \u2192<\/mark><\/strong><\/a><\/p><\/div>\n\n\n<div style=\"height:0px\" aria-hidden=\"true\" class=\"wp-block-spacer wp-container-content-32e3a40d\"><\/div>\n<\/div>\n\n<\/li><li class=\"wp-block-post post-133 post type-post status-publish format-standard has-post-thumbnail hentry category-conciertos category-corea category-k-pop\">\n<figure style=\"margin-bottom:var(--wp--preset--spacing--20)\" class=\"wp-custom-css-1f0471b9 wp-block-post-featured-image has-custom-css\"><a href=\"https:\/\/revistafankpop.com\/?p=133\" target=\"_self\" ><img loading=\"lazy\" decoding=\"async\" width=\"735\" height=\"520\" src=\"https:\/\/revistafankpop.com\/wp-content\/uploads\/2026\/08\/featured_img_8762170973637893741.png\" class=\"attachment-post-thumbnail size-post-thumbnail wp-post-image\" alt=\"XLOV confirma pa\u00edses, fechas y recintos para su &#8220;2026 LATAM TOUR II&#8221;\" style=\"aspect-ratio:3\/2;width:100%;object-fit:cover;\" srcset=\"https:\/\/revistafankpop.com\/wp-content\/uploads\/2026\/08\/featured_img_8762170973637893741.png 735w, https:\/\/revistafankpop.com\/wp-content\/uploads\/2026\/08\/featured_img_8762170973637893741-300x212.png 300w\" sizes=\"auto, (max-width: 735px) 100vw, 735px\" \/><\/a><\/figure>\n\n\n<div class=\"wp-block-group is-vertical is-nowrap is-layout-flex wp-container-core-group-is-layout-6907f419 wp-block-group-is-layout-flex\"><h2 style=\"margin-bottom:0\" class=\"has-text-align-center wp-block-post-title has-x-large-font-size\"><a href=\"https:\/\/revistafankpop.com\/?p=133\" target=\"_self\" >XLOV confirma pa\u00edses, fechas y recintos para su &#8220;2026 LATAM TOUR II&#8221;<\/a><\/h2>\n\n<div class=\"; wp-custom-css-f8ad9c6f wp-block-template-part has-custom-css\">\n<div class=\"wp-block-group has-base-2-background-color has-background has-global-padding is-layout-constrained wp-block-group-is-layout-constrained\">\n<div class=\"wp-block-group has-base-2-background-color has-background is-content-justification-left is-layout-flex wp-container-core-group-is-layout-6a058180 wp-block-group-is-layout-flex\"><div class=\"wp-block-post-date\"><a href=\"https:\/\/revistafankpop.com\/?p=133\"><time datetime=\"2026-08-01T06:08:20+00:00\">Ago 1, 2026<\/time><\/a><\/div>\n\n\n<p class=\"has-contrast-2-color has-text-color wp-block-paragraph\">\u2014<\/p>\n\n\n\n<p class=\"has-contrast-2-color has-text-color has-small-font-size wp-block-paragraph\">por<\/p>\n\n\n<div class=\"wp-block-post-author-name\"><a href=\"https:\/\/revistafankpop.com\/author\/revistafankpop\" target=\"_self\" class=\"wp-block-post-author-name__link\">revistafankpop<\/a><\/div><\/div>\n<\/div>\n<\/div>\n\n<div class=\"wp-block-post-excerpt has-small-font-size\"><p class=\"wp-block-post-excerpt__excerpt\">La espera ha terminado para EVOL en Latinoam\u00e9rica. Tras semanas de especulaciones y mucha expectativa, el grupo surcoreano XLOV ha anunciado oficialmente su regreso a la regi\u00f3n con la segunda etapa de su gira mundial: &#8220;XLOV 2026 LATAM TOUR II&#8221;. Producida por Urimusic Entertainment, esta nueva serie de conciertos promete ser un hito en la&hellip;<\/p><p class=\"wp-block-post-excerpt__more-text\"><a class=\"wp-block-post-excerpt__more-link\" href=\"https:\/\/revistafankpop.com\/?p=133\"><strong><mark style=\"background-color:#f9f9f9\" class=\"has-inline-color has-custom-color-2-color\">Leer Mas \u2192<\/mark><\/strong><\/a><\/p><\/div>\n\n\n<div style=\"height:0px\" aria-hidden=\"true\" class=\"wp-block-spacer wp-container-content-32e3a40d\"><\/div>\n<\/div>\n\n<\/li><\/ul>\n\n\n<div style=\"margin-top:0;margin-bottom:0;height:var(--wp--preset--spacing--50)\" aria-hidden=\"true\" class=\"wp-block-spacer\"><\/div>\n\n\n<\/div>\n<\/div>\n<div style=\"margin-top: 0px; margin-bottom: 0px;\" class=\"sharethis-inline-reaction-buttons\" ><\/div>","protected":false},"excerpt":{"rendered":"","protected":false},"author":1,"featured_media":0,"parent":0,"menu_order":0,"comment_status":"closed","ping_status":"closed","template":"","meta":{"_uag_custom_page_level_css":"","_monsterinsights_skip_tracking":false,"footnotes":""},"class_list":["post-96","page","type-page","status-publish","hentry"],"uagb_featured_image_src":{"full":false,"thumbnail":false,"medium":false,"medium_large":false,"large":false,"1536x1536":false,"2048x2048":false},"uagb_author_info":{"display_name":"revistafankpop","author_link":"https:\/\/revistafankpop.com\/author\/revistafankpop"},"uagb_comment_info":0,"uagb_excerpt":null,"jetpack_sharing_enabled":true,"_links":{"self":[{"href":"https:\/\/revistafankpop.com\/index.php?rest_route=\/wp\/v2\/pages\/96","targetHints":{"allow":["GET"]}}],"collection":[{"href":"https:\/\/revistafankpop.com\/index.php?rest_route=\/wp\/v2\/pages"}],"about":[{"href":"https:\/\/revistafankpop.com\/index.php?rest_route=\/wp\/v2\/types\/page"}],"author":[{"embeddable":true,"href":"https:\/\/revistafankpop.com\/index.php?rest_route=\/wp\/v2\/users\/1"}],"replies":[{"embeddable":true,"href":"https:\/\/revistafankpop.com\/index.php?rest_route=%2Fwp%2Fv2%2Fcomments&post=96"}],"version-history":[{"count":2,"href":"https:\/\/revistafankpop.com\/index.php?rest_route=\/wp\/v2\/pages\/96\/revisions"}],"predecessor-version":[{"id":267,"href":"https:\/\/revistafankpop.com\/index.php?rest_route=\/wp\/v2\/pages\/96\/revisions\/267"}],"wp:attachment":[{"href":"https:\/\/revistafankpop.com\/index.php?rest_route=%2Fwp%2Fv2%2Fmedia&parent=96"}],"curies":[{"name":"wp","href":"https:\/\/api.w.org\/{rel}","templated":true}]}}